{"id":5095,"date":"2024-10-21T21:41:24","date_gmt":"2024-10-21T18:41:24","guid":{"rendered":"https:\/\/areltrailer.com\/semirremolque-portacontenedores-de-20-pies\/"},"modified":"2026-08-30T21:18:00","modified_gmt":"2026-08-30T18:18:00","slug":"semirremolque-portacontenedores-de-20-pies","status":"publish","type":"page","link":"https:\/\/areltrailer.com\/es\/semirremolque-portacontenedores-de-20-pies\/","title":{"rendered":"Semirremolque Portacontenedores de 20 Pies"},"content":{"rendered":"<div class=\"wpb-content-wrapper\"><p>[vc_row][vc_column][vc_empty_space][\/vc_column][\/vc_row][vc_row full_width=\u00bbstretch_row_content\u00bb][vc_column width=\u00bb1\/2&#8243; css=\u00bb.vc_custom_1727805812339{border-right-width: 1px !important;border-right-style: solid !important;border-color: #2D506F4D !important;}\u00bb][vc_column_text css=\u00bb\u00bb]<a href=\"https:\/\/areltrailer.com\/es\/semirremolque-portacontenedores-de-20-pies\/\">Semirremolques de contenedores<\/a> est\u00e1n dise\u00f1ados para transportar contenedores de env\u00edo de manera eficiente. Se utilizan ampliamente en log\u00edstica y transporte de mercanc\u00edas por su flexibilidad y capacidad para manejar contenedores de varios tama\u00f1os. Estas son las especificaciones t\u00edpicas de los semirremolques de contenedores:<\/p>\n<p><strong>Especificaciones Generales:<\/strong><\/p>\n<ul>\n<li>Dise\u00f1o personalizado<\/li>\n<li>Cilindro basculante hidr\u00e1ulico<\/li>\n<li>20-30-40-45 PIES &#8211; <a href=\"https:\/\/areltrailer.com\/es\/semirremolque-portacontenedores-de-20-pies\/\">Contenedor tanque ISO<\/a><\/li>\n<li>Fabricaci\u00f3n con tama\u00f1o y tipo especial seg\u00fan su demanda<\/li>\n<li>Sistemas de ejes autodireccionales Ejes (opcional)<\/li>\n<li>Extensible (opcional)<\/li>\n<li>N\u00famero de ejes: 2-3-4<\/li>\n<li>Marca del eje: SAF &#8211; BPW &#8211; MPD -TRAX &#8211; OSMAN KOC &#8211; RELAX<\/li>\n<li>Capacidad del eje: 9 &#8211; 12 &#8211; 14 &#8211; 16 toneladas<\/li>\n<li>Llantas : (385\/65R22,5) (12 R-22,5)<\/li>\n<li>Suspensi\u00f3n : AIRE , MEC\u00c1NICA<\/li>\n<li>Sistemas de frenos : EBS o ABS &#8212; WABCO &#8211; KNORR BREMSE &#8211; HALDEX<\/li>\n<li>Colores: C\u00f3digos RAL a petici\u00f3n del cliente<\/li>\n<li>Sistema el\u00e9ctrico Sa-Ba, Asp\u00f6ck<\/li>\n<\/ul>\n<p>[\/vc_column_text][\/vc_column][vc_column width=\u00bb1\/2&#8243;][vc_row_inner][vc_column_inner width=\u00bb1\/2&#8243;][vc_single_image image=\u00bb2591&#8243; img_size=\u00bbfull\u00bb style=\u00bbvc_box_rounded\u00bb onclick=\u00bblink_image\u00bb css=\u00bb\u00bb][\/vc_column_inner][vc_column_inner width=\u00bb1\/2&#8243;][vc_single_image image=\u00bb2592&#8243; img_size=\u00bbfull\u00bb style=\u00bbvc_box_rounded\u00bb onclick=\u00bblink_image\u00bb css=\u00bb\u00bb][\/vc_column_inner][\/vc_row_inner][\/vc_column][vc_column width=\u00bb1\/2&#8243;][vc_single_image image=\u00bb2593&#8243; img_size=\u00bbfull\u00bb style=\u00bbvc_box_rounded\u00bb onclick=\u00bblink_image\u00bb css=\u00bb\u00bb][\/vc_column][\/vc_row][vc_row][vc_column][vc_empty_space][\/vc_column][\/vc_row]<\/p>\n<\/div>","protected":false},"excerpt":{"rendered":"<p>[vc_row][vc_column][vc_empty_space][\/vc_column][\/vc_row][vc_row full_width=\u00bbstretch_row_content\u00bb][vc_column width=\u00bb1\/2&#8243; css=\u00bb.vc_custom_1727805812339{border-right-width: 1px !important;border-right-style: solid !important;border-color: #2D506F4D !important;}\u00bb][vc_column_text css=\u00bb\u00bb]Semirremolques de contenedores est\u00e1n dise\u00f1ados para transportar contenedores de env\u00edo de manera eficiente. Se utilizan ampliamente en log\u00edstica y transporte de mercanc\u00edas por su flexibilidad y capacidad para manejar contenedores de varios tama\u00f1os. Estas son las especificaciones t\u00edpicas de los semirremolques de contenedores: Especificaciones Generales: [&hellip;]<\/p>\n","protected":false},"author":1,"featured_media":0,"parent":0,"menu_order":0,"comment_status":"closed","ping_status":"closed","template":"","meta":{"footnotes":""},"class_list":["post-5095","page","type-page","status-publish","hentry"],"aioseo_notices":[],"_links":{"self":[{"href":"https:\/\/areltrailer.com\/es\/wp-json\/wp\/v2\/pages\/5095","targetHints":{"allow":["GET"]}}],"collection":[{"href":"https:\/\/areltrailer.com\/es\/wp-json\/wp\/v2\/pages"}],"about":[{"href":"https:\/\/areltrailer.com\/es\/wp-json\/wp\/v2\/types\/page"}],"author":[{"embeddable":true,"href":"https:\/\/areltrailer.com\/es\/wp-json\/wp\/v2\/users\/1"}],"replies":[{"embeddable":true,"href":"https:\/\/areltrailer.com\/es\/wp-json\/wp\/v2\/comments?post=5095"}],"version-history":[{"count":2,"href":"https:\/\/areltrailer.com\/es\/wp-json\/wp\/v2\/pages\/5095\/revisions"}],"predecessor-version":[{"id":5330,"href":"https:\/\/areltrailer.com\/es\/wp-json\/wp\/v2\/pages\/5095\/revisions\/5330"}],"wp:attachment":[{"href":"https:\/\/areltrailer.com\/es\/wp-json\/wp\/v2\/media?parent=5095"}],"curies":[{"name":"wp","href":"https:\/\/api.w.org\/{rel}","templated":true}]}}