{"id":5211,"date":"2018-07-08T03:11:42","date_gmt":"2018-07-08T00:11:42","guid":{"rendered":"https:\/\/areltrailer.com\/semirremolques\/"},"modified":"2026-08-30T21:18:02","modified_gmt":"2026-08-30T18:18:02","slug":"semirremolques","status":"publish","type":"page","link":"https:\/\/areltrailer.com\/es\/semirremolques\/","title":{"rendered":"Semirremolques"},"content":{"rendered":"<div class=\"wpb-content-wrapper\"><p>[vc_row][vc_column][vc_empty_space][\/vc_column][\/vc_row][vc_row full_width=\u00bbstretch_row_content\u00bb][vc_column width=\u00bb1\/5&#8243; css=\u00bb.vc_custom_1727805812339{border-right-width: 1px !important;border-right-style: solid !important;border-color: #2D506F4D !important;}\u00bb][vc_single_image image=\u00bb3209&#8243; img_size=\u00bbfull\u00bb alignment=\u00bbcenter\u00bb style=\u00bbvc_box_rounded\u00bb onclick=\u00bbcustom_link\u00bb css=\u00bb\u00bb el_class=\u00bbdorse\u00bb link=\u00bbhttps:\/\/areltrailer.com\/es\/semirremolques-de-cama-baja\/\u00bb]\n        <div class=\"twt-wrap vc_custom_1729171121560\">\n            <h1 style=\"color:#2D506F;font-size: 20px\">Semirremolques de Cama Baja<\/h1>\n            Los semirremolques de cama baja est\u00e1n dise\u00f1ados para transportar cargas pesadas y de gran tama\u00f1o que son demasiado grandes o pesadas, de 2 a 8 ejes.\n        <\/div>\n    [\/vc_column][vc_column width=\u00bb1\/5&#8243; css=\u00bb.vc_custom_1727805817829{border-right-width: 1px !important;border-right-style: solid !important;border-color: #2D506F4D !important;}\u00bb][vc_single_image image=\u00bb4603&#8243; img_size=\u00bbfull\u00bb alignment=\u00bbcenter\u00bb style=\u00bbvc_box_rounded\u00bb onclick=\u00bbcustom_link\u00bb css=\u00bb\u00bb el_class=\u00bbdorse\u00bb link=\u00bbhttps:\/\/areltrailer.com\/es\/remolques-con-barra-de-tiro\/\u00bb]\n        <div class=\"twt-wrap vc_custom_1729171081326\">\n            <h1 style=\"color:#2D506F;font-size: 20px\">Remolques con Barra de Tiro<\/h1>\n            Remolques con barra de tiro de 2 a 5 ejes, adecuados para industrias como la construcci\u00f3n, agricultura y log\u00edstica.\n        <\/div>\n    [\/vc_column][vc_column width=\u00bb1\/5&#8243; css=\u00bb.vc_custom_1727805821852{border-right-width: 1px !important;border-right-style: solid !important;border-color: #2D506F4D !important;}\u00bb][vc_single_image image=\u00bb2298&#8243; img_size=\u00bbfull\u00bb alignment=\u00bbcenter\u00bb style=\u00bbvc_box_rounded\u00bb onclick=\u00bbcustom_link\u00bb css=\u00bb\u00bb el_class=\u00bbdorse\u00bb link=\u00bbhttps:\/\/areltrailer.com\/es\/semirremolques-basculantes\/\u00bb]\n        <div class=\"twt-wrap vc_custom_1729171217919\">\n            <h1 style=\"color:#2D506F;font-size: 20px\">Semirremolques Basculantes<\/h1>\n            Semirremolque basculante dise\u00f1ado para chatarra de metal, chatarra de pl\u00e1stico, transporte de granos y clinker de construcci\u00f3n, piedra, roca.\n        <\/div>\n    [\/vc_column][vc_column width=\u00bb1\/5&#8243; css=\u00bb.vc_custom_1727805825455{border-right-width: 1px !important;border-right-style: solid !important;border-color: #2D506F4D !important;}\u00bb][vc_single_image image=\u00bb2300&#8243; img_size=\u00bbfull\u00bb alignment=\u00bbcenter\u00bb style=\u00bbvc_box_rounded\u00bb onclick=\u00bbcustom_link\u00bb css=\u00bb\u00bb el_class=\u00bbdorse\u00bb link=\u00bbhttps:\/\/areltrailer.com\/es\/semirremolques-portacontenedores\/\u00bb]\n        <div class=\"twt-wrap vc_custom_1729171035962\">\n            <h1 style=\"color:#2D506F;font-size: 20px\">Semirremolques Portacontenedores<\/h1>\n            Semirremolque portacontenedores (esquel\u00e9tico) para el negocio de transporte de contenedores de 20 pies, 30 pies, 40 pies o 45 pies.\n        <\/div>\n    [\/vc_column][vc_column width=\u00bb1\/5&#8243;][vc_single_image image=\u00bb2301&#8243; img_size=\u00bbfull\u00bb alignment=\u00bbcenter\u00bb style=\u00bbvc_box_rounded\u00bb onclick=\u00bbcustom_link\u00bb css=\u00bb\u00bb el_class=\u00bbdorse\u00bb link=\u00bbhttps:\/\/areltrailer.com\/es\/semirremolques-plataforma\/\u00bb]\n        <div class=\"twt-wrap vc_custom_1729171149905\">\n            <h1 style=\"color:#2D506F;font-size: 20px\">Semirremolques Plataforma<\/h1>\n            Semirremolques de plataforma, plataformas planas, utilizados para transportar maquinaria y art\u00edculos grandes y voluminosos con eje direccional.\n        <\/div>\n    [\/vc_column][\/vc_row][vc_row][vc_column][vc_empty_space][\/vc_column][\/vc_row][vc_row full_width=\u00bbstretch_row_content\u00bb][vc_column width=\u00bb1\/5&#8243; css=\u00bb.vc_custom_1727805812339{border-right-width: 1px !important;border-right-style: solid !important;border-color: #2D506F4D !important;}\u00bb][vc_single_image image=\u00bb2325&#8243; img_size=\u00bbfull\u00bb alignment=\u00bbcenter\u00bb style=\u00bbvc_box_rounded\u00bb onclick=\u00bbcustom_link\u00bb css=\u00bb\u00bb el_class=\u00bbdorse\u00bb link=\u00bbhttps:\/\/areltrailer.com\/es\/semirremolques-silo-de-cemento\/\u00bb]\n        <div class=\"twt-wrap vc_custom_1729171015163\">\n            <h1 style=\"color:#2D506F;font-size: 20px\">Semirremolques Silo de Cemento<\/h1>\n            El semirremolque silo se utiliza para el transporte de cemento seco, cal, ceniza, arena, harina, algas marinas y talco industrial.\n        <\/div>\n    [\/vc_column][vc_column width=\u00bb1\/5&#8243; css=\u00bb.vc_custom_1727805817829{border-right-width: 1px !important;border-right-style: solid !important;border-color: #2D506F4D !important;}\u00bb][vc_single_image image=\u00bb3138&#8243; img_size=\u00bbfull\u00bb alignment=\u00bbcenter\u00bb style=\u00bbvc_box_rounded\u00bb onclick=\u00bbcustom_link\u00bb css=\u00bb\u00bb el_class=\u00bbdorse\u00bb link=\u00bbhttps:\/\/areltrailer.com\/es\/semirremolques-cisterna\/\u00bb]\n        <div class=\"twt-wrap vc_custom_1729171179845\">\n            <h1 style=\"color:#2D506F;font-size: 20px\">Semirremolques Cisterna<\/h1>\n            Transporte en semirremolque cisterna para: fueloil, alcohol, aceite de palma, bet\u00fan &#8211; asfalto, \u00e1cido, petr\u00f3leo, alimentos y productos qu\u00edmicos.\n        <\/div>\n    [\/vc_column][vc_column width=\u00bb1\/5&#8243; css=\u00bb.vc_custom_1727805821852{border-right-width: 1px !important;border-right-style: solid !important;border-color: #2D506F4D !important;}\u00bb][vc_single_image image=\u00bb2327&#8243; img_size=\u00bbfull\u00bb alignment=\u00bbcenter\u00bb style=\u00bbvc_box_rounded\u00bb onclick=\u00bbcustom_link\u00bb css=\u00bb\u00bb el_class=\u00bbdorse\u00bb link=\u00bbhttps:\/\/areltrailer.com\/es\/semirremolque-silo-para-pienso-a-granel\/\u00bb]\n        <div class=\"twt-wrap vc_custom_1729170965078\">\n            <h1 style=\"color:#2D506F;font-size: 20px\">Semirremolque Silo para Pienso a Granel<\/h1>\n            Utilizado para el transporte de grandes cantidades de alimento para animales, incluyendo granos, pellets y otros materiales a granel.\n        <\/div>\n    [\/vc_column][vc_column width=\u00bb1\/5&#8243; css=\u00bb.vc_custom_1727805825455{border-right-width: 1px !important;border-right-style: solid !important;border-color: #2D506F4D !important;}\u00bb][vc_single_image image=\u00bb3164&#8243; img_size=\u00bbfull\u00bb alignment=\u00bbcenter\u00bb style=\u00bbvc_box_rounded\u00bb onclick=\u00bbcustom_link\u00bb css=\u00bb\u00bb el_class=\u00bbdorse\u00bb link=\u00bbhttps:\/\/areltrailer.com\/es\/semirremolques-hormigonera\/\u00bb]\n        <div class=\"twt-wrap vc_custom_1729171133490\">\n            <h1 style=\"color:#2D506F;font-size: 20px\">Semirremolques Hormigonera<\/h1>\n            Los semirremolques hormigonera, com\u00fanmente utilizados en la construcci\u00f3n, est\u00e1n dise\u00f1ados para transportar y mezclar hormig\u00f3n en obra. 12 m3 &#8211; 16 m3.\n        <\/div>\n    [\/vc_column][vc_column width=\u00bb1\/5&#8243;][vc_single_image image=\u00bb2329&#8243; img_size=\u00bbfull\u00bb alignment=\u00bbcenter\u00bb style=\u00bbvc_box_rounded\u00bb onclick=\u00bbcustom_link\u00bb css=\u00bb\u00bb el_class=\u00bbdorse\u00bb link=\u00bbhttps:\/\/areltrailer.com\/es\/semirremolque-para-madera-y-troncos\/\u00bb]\n        <div class=\"twt-wrap vc_custom_1729171191697\">\n            <h1 style=\"color:#2D506F;font-size: 20px\">Semirremolque para Madera y Troncos<\/h1>\n            El semirremolque para madera (remolque con teleros) est\u00e1 dise\u00f1ado para el transporte de madera, troncos y productos forestales.\n        <\/div>\n    [\/vc_column][\/vc_row][vc_row][vc_column][vc_empty_space][\/vc_column][\/vc_row][vc_row full_width=\u00bbstretch_row_content\u00bb][vc_column width=\u00bb1\/5&#8243; css=\u00bb.vc_custom_1727805812339{border-right-width: 1px !important;border-right-style: solid !important;border-color: #2D506F4D !important;}\u00bb][vc_single_image image=\u00bb2332&#8243; img_size=\u00bbfull\u00bb alignment=\u00bbcenter\u00bb style=\u00bbvc_box_rounded\u00bb onclick=\u00bbcustom_link\u00bb css=\u00bb\u00bb el_class=\u00bbdorse\u00bb link=\u00bbhttps:\/\/areltrailer.com\/es\/semirremolques-personalizados\/\u00bb]\n        <div class=\"twt-wrap vc_custom_1729171056816\">\n            <h1 style=\"color:#2D506F;font-size: 20px\">Semirremolques Personalizados<\/h1>\n            Dise\u00f1ado para exposiciones m\u00f3viles, semirremolques para eventos, camiones de gira y remolques de atenci\u00f3n m\u00e9dica m\u00f3vil.\n        <\/div>\n    [\/vc_column][vc_column width=\u00bb1\/5&#8243; css=\u00bb.vc_custom_1727805817829{border-right-width: 1px !important;border-right-style: solid !important;border-color: #2D506F4D !important;}\u00bb][vc_single_image image=\u00bb2333&#8243; img_size=\u00bbfull\u00bb alignment=\u00bbcenter\u00bb style=\u00bbvc_box_rounded\u00bb onclick=\u00bbcustom_link\u00bb css=\u00bb\u00bb el_class=\u00bbdorse\u00bb link=\u00bbhttps:\/\/areltrailer.com\/es\/semirremolque-para-varilla-de-acero\/\u00bb]\n        <div class=\"twt-wrap vc_custom_1729171163382\">\n            <h1 style=\"color:#2D506F;font-size: 20px\">Semirremolque para Varilla de Acero<\/h1>\n            El semirremolque para varilla de acero est\u00e1 dise\u00f1ado para barras de refuerzo de construcci\u00f3n con sistema de vuelco lateral.\n        <\/div>\n    [\/vc_column][vc_column width=\u00bb1\/5&#8243; css=\u00bb.vc_custom_1727805821852{border-right-width: 1px !important;border-right-style: solid !important;border-color: #2D506F4D !important;}\u00bb][vc_single_image image=\u00bb2334&#8243; img_size=\u00bbfull\u00bb alignment=\u00bbcenter\u00bb style=\u00bbvc_box_rounded\u00bb onclick=\u00bbcustom_link\u00bb css=\u00bb\u00bb el_class=\u00bbdorse\u00bb link=\u00bbhttps:\/\/areltrailer.com\/es\/caja-basculante-para-camion\/\u00bb]\n        <div class=\"twt-wrap vc_custom_1729171239167\">\n            <h1 style=\"color:#2D506F;font-size: 20px\">Caja Basculante para Cami\u00f3n<\/h1>\n            Una caja basculante para cami\u00f3n est\u00e1 dise\u00f1ada para el transporte de materiales sueltos como grava, arena o escombros de construcci\u00f3n.\n        <\/div>\n    [\/vc_column][vc_column width=\u00bb1\/5&#8243; css=\u00bb.vc_custom_1727805825455{border-right-width: 1px !important;border-right-style: solid !important;border-color: #2D506F4D !important;}\u00bb][vc_single_image image=\u00bb2701&#8243; img_size=\u00bbfull\u00bb alignment=\u00bbcenter\u00bb style=\u00bbvc_box_rounded\u00bb onclick=\u00bbcustom_link\u00bb css=\u00bb\u00bb el_class=\u00bbdorse\u00bb link=\u00bbhttps:\/\/areltrailer.com\/es\/semirremolque-compactador-de-basura\/\u00bb]\n        <div class=\"twt-wrap vc_custom_1729171099920\">\n            <h1 style=\"color:#2D506F;font-size: 20px\">Semirremolque Compactador de Basura<\/h1>\n            Dise\u00f1ado para manipular una amplia variedad de materiales de desecho para municipios y empresas de gesti\u00f3n de residuos.\n        <\/div>\n    [\/vc_column][vc_column width=\u00bb1\/5&#8243;][vc_single_image image=\u00bb2335&#8243; img_size=\u00bbfull\u00bb alignment=\u00bbcenter\u00bb style=\u00bbvc_box_rounded\u00bb onclick=\u00bbcustom_link\u00bb css=\u00bb\u00bb el_class=\u00bbdorse\u00bb link=\u00bbhttps:\/\/areltrailer.com\/es\/semirremolque-tolva-para-grano\/\u00bb]\n        <div class=\"twt-wrap vc_custom_1729171109939\">\n            <h1 style=\"color:#2D506F;font-size: 20px\">Semirremolque Tolva para Grano<\/h1>\n            El semirremolque tolva est\u00e1 dise\u00f1ado espec\u00edficamente para el transporte de cereales, cebada, trigo y lentejas.\n        <\/div>\n    [\/vc_column][\/vc_row][vc_row][vc_column][vc_empty_space][\/vc_column][\/vc_row][vc_row disable_element=\u00bbyes\u00bb][vc_column][vc_custom_heading text=\u00bbSemirremolques de Cama Baja\u00bb font_container=\u00bbtag:h4|text_align:left|color:%232D506F\u00bb google_fonts=\u00bbfont_family:Montserrat%3Aregular%2C700|font_style:400%20regular%3A400%3Anormal\u00bb css=\u00bb\u00bb][\/vc_column][\/vc_row]<\/p>\n<\/div>","protected":false},"excerpt":{"rendered":"<p>[vc_row][vc_column][vc_empty_space][\/vc_column][\/vc_row][vc_row full_width=\u00bbstretch_row_content\u00bb][vc_column width=\u00bb1\/5&#8243; css=\u00bb.vc_custom_1727805812339{border-right-width: 1px !important;border-right-style: solid !important;border-color: #2D506F4D !important;}\u00bb][vc_single_image image=\u00bb3209&#8243; img_size=\u00bbfull\u00bb alignment=\u00bbcenter\u00bb style=\u00bbvc_box_rounded\u00bb onclick=\u00bbcustom_link\u00bb css=\u00bb\u00bb el_class=\u00bbdorse\u00bb link=\u00bbhttps:\/\/areltrailer.com\/es\/semirremolques-de-cama-baja\/\u00bb][\/vc_column][vc_column width=\u00bb1\/5&#8243; css=\u00bb.vc_custom_1727805817829{border-right-width: 1px !important;border-right-style: solid !important;border-color: #2D506F4D !important;}\u00bb][vc_single_image image=\u00bb4603&#8243; img_size=\u00bbfull\u00bb alignment=\u00bbcenter\u00bb style=\u00bbvc_box_rounded\u00bb onclick=\u00bbcustom_link\u00bb css=\u00bb\u00bb el_class=\u00bbdorse\u00bb link=\u00bbhttps:\/\/areltrailer.com\/es\/remolques-con-barra-de-tiro\/\u00bb][\/vc_column][vc_column width=\u00bb1\/5&#8243; css=\u00bb.vc_custom_1727805821852{border-right-width: 1px !important;border-right-style: solid !important;border-color: #2D506F4D !important;}\u00bb][vc_single_image image=\u00bb2298&#8243; img_size=\u00bbfull\u00bb alignment=\u00bbcenter\u00bb style=\u00bbvc_box_rounded\u00bb onclick=\u00bbcustom_link\u00bb css=\u00bb\u00bb el_class=\u00bbdorse\u00bb link=\u00bbhttps:\/\/areltrailer.com\/es\/semirremolques-basculantes\/\u00bb][\/vc_column][vc_column width=\u00bb1\/5&#8243; css=\u00bb.vc_custom_1727805825455{border-right-width: 1px !important;border-right-style: solid [&hellip;]<\/p>\n","protected":false},"author":1,"featured_media":0,"parent":0,"menu_order":0,"comment_status":"closed","ping_status":"closed","template":"","meta":{"footnotes":""},"class_list":["post-5211","page","type-page","status-publish","hentry"],"aioseo_notices":[],"_links":{"self":[{"href":"https:\/\/areltrailer.com\/es\/wp-json\/wp\/v2\/pages\/5211","targetHints":{"allow":["GET"]}}],"collection":[{"href":"https:\/\/areltrailer.com\/es\/wp-json\/wp\/v2\/pages"}],"about":[{"href":"https:\/\/areltrailer.com\/es\/wp-json\/wp\/v2\/types\/page"}],"author":[{"embeddable":true,"href":"https:\/\/areltrailer.com\/es\/wp-json\/wp\/v2\/users\/1"}],"replies":[{"embeddable":true,"href":"https:\/\/areltrailer.com\/es\/wp-json\/wp\/v2\/comments?post=5211"}],"version-history":[{"count":3,"href":"https:\/\/areltrailer.com\/es\/wp-json\/wp\/v2\/pages\/5211\/revisions"}],"predecessor-version":[{"id":5376,"href":"https:\/\/areltrailer.com\/es\/wp-json\/wp\/v2\/pages\/5211\/revisions\/5376"}],"wp:attachment":[{"href":"https:\/\/areltrailer.com\/es\/wp-json\/wp\/v2\/media?parent=5211"}],"curies":[{"name":"wp","href":"https:\/\/api.w.org\/{rel}","templated":true}]}}